{"id":1430,"date":"2019-03-22T19:25:14","date_gmt":"2019-03-22T19:25:14","guid":{"rendered":"https:\/\/fundacioncie.org.mx\/InformeAnual\/?page_id=1430"},"modified":"2023-01-10T19:32:13","modified_gmt":"2023-01-11T01:32:13","slug":"formula-1-gran-premio-de-mexico","status":"publish","type":"page","link":"https:\/\/fundacioncie.org.mx\/InformeAnual\/formula-1-gran-premio-de-mexico\/","title":{"rendered":"F\u00f3rmula 1 Gran Premio de M\u00e9xico\u2122"},"content":{"rendered":"<section class=\"wpb-content-wrapper\"><p>[vc_row][vc_column css=&#8221;.vc_custom_1554336430356{margin-top: 30px !important;margin-bottom: -20px !important;border-bottom-width: -20px !important;padding-bottom: -20px !important;}&#8221;][vc_column_text]<img decoding=\"async\" loading=\"lazy\" class=\"size-full wp-image-1621 aligncenter\" src=\"https:\/\/fundacioncie.org.mx\/InformeAnual\/wp-content\/uploads\/2019\/04\/slider-f1ok.jpg\" alt=\"\" width=\"1280\" height=\"855\" srcset=\"https:\/\/fundacioncie.org.mx\/InformeAnual\/wp-content\/uploads\/2019\/04\/slider-f1ok.jpg 1280w, https:\/\/fundacioncie.org.mx\/InformeAnual\/wp-content\/uploads\/2019\/04\/slider-f1ok-300x200.jpg 300w, https:\/\/fundacioncie.org.mx\/InformeAnual\/wp-content\/uploads\/2019\/04\/slider-f1ok-768x513.jpg 768w, https:\/\/fundacioncie.org.mx\/InformeAnual\/wp-content\/uploads\/2019\/04\/slider-f1ok-1024x684.jpg 1024w, https:\/\/fundacioncie.org.mx\/InformeAnual\/wp-content\/uploads\/2019\/04\/slider-f1ok-600x401.jpg 600w\" sizes=\"(max-width: 1280px) 100vw, 1280px\" \/>[\/vc_column_text][vc_row_inner][vc_column_inner][vc_column_text]Fundaci\u00f3n CIE es responsable del programa social de F1 Gran Premio de M\u00e9xicoTM, evento deportivo posicionado como uno de los mayores atractivos tur\u00edsticos de la Ciudad de M\u00e9xico.[\/vc_column_text][\/vc_column_inner][\/vc_row_inner][vc_row_inner][vc_column_inner][vc_column_text]<\/p>\n<div class=\"page\" title=\"Page 12\">\n<div class=\"section\">\n<div class=\"layoutArea\">\n<div class=\"column\">\n<h4>Hemos logrado la participaci\u00f3n de 4 coros y 1 banda de m\u00fasica que interpretaron el Himno Nacional Mexicano para la Ceremonia de Apertura. As\u00ed, se ha logrado difundir el patrimonio cultural ind\u00edgena\u00a0mexicano.<\/h4>\n<\/div>\n<\/div>\n<\/div>\n<\/div>\n<p>[\/vc_column_text][\/vc_column_inner][\/vc_row_inner][\/vc_column][\/vc_row][vc_section css=&#8221;.vc_custom_1673400697989{padding-top: 100px !important;}&#8221;][vc_row css=&#8221;.vc_custom_1673400645507{padding-top: 100px !important;}&#8221;][vc_column width=&#8221;1\/3&#8243; css=&#8221;.vc_custom_1554337092526{margin-top: -200px !important;}&#8221;][vc_column_text]<\/p>\n<h2 style=\"text-align: center;\"><img decoding=\"async\" loading=\"lazy\" class=\"alignnone size-full wp-image-1611\" src=\"https:\/\/fundacioncie.org.mx\/InformeAnual\/wp-content\/uploads\/2019\/04\/CORO.jpg\" alt=\"\" width=\"400\" height=\"400\" srcset=\"https:\/\/fundacioncie.org.mx\/InformeAnual\/wp-content\/uploads\/2019\/04\/CORO.jpg 400w, https:\/\/fundacioncie.org.mx\/InformeAnual\/wp-content\/uploads\/2019\/04\/CORO-150x150.jpg 150w, https:\/\/fundacioncie.org.mx\/InformeAnual\/wp-content\/uploads\/2019\/04\/CORO-300x300.jpg 300w, https:\/\/fundacioncie.org.mx\/InformeAnual\/wp-content\/uploads\/2019\/04\/CORO-100x100.jpg 100w\" sizes=\"(max-width: 400px) 100vw, 400px\" \/><\/h2>\n<h2 style=\"text-align: center;\">Coro de Ni\u00f1as Mazahua<\/h2>\n<p style=\"text-align: center;\">Alumnas de la escuela primaria Gral. L\u00e1zaro C\u00e1rdenas en San Felipe del Progreso, Estado de M\u00e9xico.<\/p>\n<p>[\/vc_column_text][\/vc_column][vc_column width=&#8221;1\/3&#8243; css=&#8221;.vc_custom_1554337083624{margin-top: -200px !important;}&#8221;][vc_column_text]<\/p>\n<h2 style=\"text-align: center;\"><img decoding=\"async\" loading=\"lazy\" class=\"alignnone size-full wp-image-1436\" src=\"https:\/\/fundacioncie.org.mx\/InformeAnual\/wp-content\/uploads\/2019\/03\/coro-2.jpg\" alt=\"\" width=\"400\" height=\"400\" srcset=\"https:\/\/fundacioncie.org.mx\/InformeAnual\/wp-content\/uploads\/2019\/03\/coro-2.jpg 400w, https:\/\/fundacioncie.org.mx\/InformeAnual\/wp-content\/uploads\/2019\/03\/coro-2-150x150.jpg 150w, https:\/\/fundacioncie.org.mx\/InformeAnual\/wp-content\/uploads\/2019\/03\/coro-2-300x300.jpg 300w, https:\/\/fundacioncie.org.mx\/InformeAnual\/wp-content\/uploads\/2019\/03\/coro-2-100x100.jpg 100w\" sizes=\"(max-width: 400px) 100vw, 400px\" \/><\/h2>\n<h2 style=\"text-align: center;\">10 ni\u00f1as<\/h2>\n<p style=\"text-align: center;\">De entre 10 y 11 a\u00f1os de edad que cursan el sexto a\u00f1o de primaria.<\/p>\n<p>[\/vc_column_text][\/vc_column][vc_column width=&#8221;1\/3&#8243; css=&#8221;.vc_custom_1554337100975{margin-top: -200px !important;}&#8221;][vc_column_text]<\/p>\n<h2 style=\"text-align: center;\"><img decoding=\"async\" loading=\"lazy\" class=\"alignnone size-full wp-image-1435\" src=\"https:\/\/fundacioncie.org.mx\/InformeAnual\/wp-content\/uploads\/2019\/03\/coro-1.jpg\" alt=\"\" width=\"400\" height=\"400\" srcset=\"https:\/\/fundacioncie.org.mx\/InformeAnual\/wp-content\/uploads\/2019\/03\/coro-1.jpg 400w, https:\/\/fundacioncie.org.mx\/InformeAnual\/wp-content\/uploads\/2019\/03\/coro-1-150x150.jpg 150w, https:\/\/fundacioncie.org.mx\/InformeAnual\/wp-content\/uploads\/2019\/03\/coro-1-300x300.jpg 300w, https:\/\/fundacioncie.org.mx\/InformeAnual\/wp-content\/uploads\/2019\/03\/coro-1-100x100.jpg 100w\" sizes=\"(max-width: 400px) 100vw, 400px\" \/><\/h2>\n<h2 style=\"text-align: center;\">2018<\/h2>\n<p style=\"text-align: center;\">Durante este a\u00f1o, Fundaci\u00f3n CIE con apoyo de Citibanamex inaugur\u00f3 una ludoteca en su escuela que beneficiar\u00e1 a 180 ni\u00f1os mazahua.<\/p>\n<p>[\/vc_column_text][\/vc_column][\/vc_row][\/vc_section][vc_row css=&#8221;.vc_custom_1673400716191{padding-top: 200px !important;}&#8221;][vc_column css=&#8221;.vc_custom_1554336761774{margin-top: -150px !important;}&#8221;][vc_column_text]<\/p>\n<div class=\"gdgallery-gallery-container\" id=\"gdgallery-container-5\" data-id=\"5\">\n    \n<div id=\"gdgallery_container_5\" style=\"display:none;\" data-view=\"justified\">\n            <a href=\"\" target=\"_blank\">\n            <img alt=\"Coro Mazahua F\u00f3rmula 1 GP de M\u00e9xico \"\n                 data-type=\"image\"\n                 src=\"https:\/\/fundacioncie.org.mx\/InformeAnual\/wp-content\/uploads\/2019\/04\/Coro-Mazahua-F\u00f3rmula-1-GP-de-M\u00e9xico-5.jpg\"\n                 data-image=\"https:\/\/fundacioncie.org.mx\/InformeAnual\/wp-content\/uploads\/2019\/04\/Coro-Mazahua-F\u00f3rmula-1-GP-de-M\u00e9xico-5.jpg\"\n                 data-description=\"\"\n                                 style=\"display:block\">\n        <\/a>\n            <a href=\"\" target=\"_blank\">\n            <img alt=\"Coro Mazahua F\u00f3rmula 1 GP de M\u00e9xico \"\n                 data-type=\"image\"\n                 src=\"https:\/\/fundacioncie.org.mx\/InformeAnual\/wp-content\/uploads\/2019\/04\/Coro-Mazahua-F\u00f3rmula-1-GP-de-M\u00e9xico-4.jpg\"\n                 data-image=\"https:\/\/fundacioncie.org.mx\/InformeAnual\/wp-content\/uploads\/2019\/04\/Coro-Mazahua-F\u00f3rmula-1-GP-de-M\u00e9xico-4.jpg\"\n                 data-description=\"\"\n                                 style=\"display:block\">\n        <\/a>\n            <a href=\"\" target=\"_blank\">\n            <img alt=\"Coro Mazahua F\u00f3rmula 1 GP de M\u00e9xico \"\n                 data-type=\"image\"\n                 src=\"https:\/\/fundacioncie.org.mx\/InformeAnual\/wp-content\/uploads\/2019\/04\/Coro-Mazahua-F\u00f3rmula-1-GP-de-M\u00e9xico-3.jpg\"\n                 data-image=\"https:\/\/fundacioncie.org.mx\/InformeAnual\/wp-content\/uploads\/2019\/04\/Coro-Mazahua-F\u00f3rmula-1-GP-de-M\u00e9xico-3.jpg\"\n                 data-description=\"\"\n                                 style=\"display:block\">\n        <\/a>\n            <a href=\"\" target=\"_blank\">\n            <img alt=\"Coro Mazahua F\u00f3rmula 1 GP de M\u00e9xico \"\n                 data-type=\"image\"\n                 src=\"https:\/\/fundacioncie.org.mx\/InformeAnual\/wp-content\/uploads\/2019\/04\/Coro-Mazahua-F\u00f3rmula-1-GP-de-M\u00e9xico-2.jpg\"\n                 data-image=\"https:\/\/fundacioncie.org.mx\/InformeAnual\/wp-content\/uploads\/2019\/04\/Coro-Mazahua-F\u00f3rmula-1-GP-de-M\u00e9xico-2.jpg\"\n                 data-description=\"\"\n                                 style=\"display:block\">\n        <\/a>\n            <a href=\"\" target=\"_blank\">\n            <img alt=\"Coro Mazahua F\u00f3rmula 1 GP de M\u00e9xico\"\n                 data-type=\"image\"\n                 src=\"https:\/\/fundacioncie.org.mx\/InformeAnual\/wp-content\/uploads\/2019\/04\/Coro-Mazahua-F\u00f3rmula-1-GP-de-M\u00e9xico-1.jpg\"\n                 data-image=\"https:\/\/fundacioncie.org.mx\/InformeAnual\/wp-content\/uploads\/2019\/04\/Coro-Mazahua-F\u00f3rmula-1-GP-de-M\u00e9xico-1.jpg\"\n                 data-description=\"\"\n                                 style=\"display:block\">\n        <\/a>\n            <a href=\"\" target=\"_blank\">\n            <img alt=\"Coro Mazahua F\u00f3rmula 1 GP de M\u00e9xico\"\n                 data-type=\"image\"\n                 src=\"https:\/\/fundacioncie.org.mx\/InformeAnual\/wp-content\/uploads\/2019\/04\/Alebrijes.jpg\"\n                 data-image=\"https:\/\/fundacioncie.org.mx\/InformeAnual\/wp-content\/uploads\/2019\/04\/Alebrijes.jpg\"\n                 data-description=\"\"\n                                 style=\"display:block\">\n        <\/a>\n    <\/div>\n\n\n\n<script type=\"text\/javascript\">\n\n\n    (function() {\n        var runMyCode = function() {\n            jQuery(document).ready(function () {\n                var container = jQuery(\"#gdgallery_container_5\");\n                container.unitegallery({\"gallery_theme\":\"justified\",\"tiles_type\":\"justified\",\"tiles_justified_space_between\":10,\"tile_enable_textpanel\":true,\"tile_textpanel_always_on\":true,\"tile_textpanel_title_text_align\":\"center\",\"tile_textpanel_title_font_size\":\"16\",\"tile_textpanel_title_color\":\"#FFFFFF\",\"tile_textpanel_bg_color\":\"#333333\",\"tile_textpanel_bg_opacity\":0.6999999999999999555910790149937383830547332763671875,\"tile_enable_border\":true,\"tile_border_width\":\"0\",\"tile_border_color\":\"#333333\",\"tile_border_radius\":\"0\",\"tile_enable_overlay\":true,\"tile_enable_image_effect\":true,\"tile_image_effect_type\":\"blur\",\"tile_image_effect_reverse\":true,\"tile_enable_shadow\":false,\"tile_as_link\":false,\"tile_enable_icons\":true,\"tile_show_link_icon\":true,\"tile_textpanel_appear_type\":\"slide\",\"tile_textpanel_position\":\"inside_bottom\",\"tile_link_newpage\":true,\"lightbox_type\":\"wide\",\"lightbox_arrows_offset\":0,\"lightbox_overlay_color\":\"#000000\",\"lightbox_overlay_opacity\":1,\"lightbox_top_panel_opacity\":1,\"lightbox_show_numbers\":true,\"lightbox_numbers_size\":\"15\",\"lightbox_numbers_color\":\"#FFFFFF\",\"lightbox_slider_image_border_width\":\"0\",\"lightbox_slider_image_border_color\":\"#FFFFFF\",\"lightbox_slider_image_border_radius\":0,\"lightbox_slider_image_shadow\":true,\"lightbox_slider_control_swipe\":true,\"lightbox_slider_control_zoom\":true,\"lightbox_slider_image_border\":true,\"lightbox_show_textpanel\":true,\"lightbox_textpanel_enable_title\":true,\"lightbox_textpanel_enable_description\":false,\"lightbox_textpanel_padding_top\":5,\"lightbox_textpanel_padding_bottom\":5,\"lightbox_textpanel_padding_right\":5,\"lightbox_textpanel_padding_left\":5,\"lightbox_textpanel_title_color\":\"#FFFFFF\",\"lightbox_textpanel_title_text_align\":\"center\",\"lightbox_textpanel_title_font_size\":\"16\",\"lightbox_textpanel_desc_color\":\"#FFFFFF\",\"lightbox_textpanel_desc_text_align\":\"center\",\"lightbox_textpanel_desc_font_size\":\"14\"});\n            });\n        };\n        var timer = function() {\n            if (window.jQuery) {runMyCode(window.jQuery);}\n            else {window.setTimeout(timer, 100);}\n        };\n        timer();\n    })();\n<\/script><style>\n#gdgallery-container-5 {\n   text-align: center}\n\n.gdgallery-pagination-5{\ntext-align: center !important;\n}\n\n.gdgallery-pagination-5 a{\n    font-size: 15px !important;\n    padding: 8px 13px !important;\n    margin: 3px !important;\n    border: 1px solid #333333 !important;\n    border-radius: 0px !important;\n    color: #333333 !important;\n    background-color: #FFFFFF !important;\n    font-family: monospace !important;\n}\n\n.gdgallery-pagination-5 a:hover, .gdgallery-pagination-5 a.gdgallery-pagination-icon-active{\n    color: #FFFFFF !important;\n    background-color: #333333 !important;\n    border-color: #333333 !important;\n}\n\n#gdgallery-container-5 .gdgallery_load_more_space{\n    margin-top: 20px !important;\n    text-align: center !important;\n}\n\n#gdgallery-container-5 .gdgallery_load_more_space button{\n                      padding: 8px 13px !important;\n    font-size: 15px !important;\n    background-color: #333333 !important;\n    color: #FFFFFF !important;\n    border:1px solid #333333 !important;\n                      border-radius: 0px !important;\n                      font-family: monospace !important;\n                  }\n#gdgallery-container-5 .gdgallery_load_more_space button:hover{\n                      background-color: #FFFFFF !important;\n                      color: #333333 !important;\n                      border-color: #333333 !important;\n                  }\n\n#gdgallery-container-5 .gdgallery_load_more_space button,\n#gdgallery-container-5 .gdgallery_load_more_space button:hover,\n#gdgallery-container-5 .gdgallery_load_more_space button:active,\n#gdgallery-container-5 .gdgallery_load_more_space button:focus{\n    outline: none !important;\n}\n\n\n#gdgallery-container-5 .gdgallery_loading li{\n                      border: 3px solid #333333 !important;\n                  }\n\n.ug-lightbox .ug-lightbox-top-panel-overlay{\n    background-color: #000000 !important;\n}\n\n\n                  #gdgallery_container_5{}\n<\/style>\n\n\n\n<\/div>\n\n\n\n\n\n[\/vc_column_text][\/vc_column][\/vc_row]<\/p>\n<\/section>","protected":false},"excerpt":{"rendered":"<p>[vc_row][vc_column css=&#8221;.vc_custom_1554336430356{margin-top: 30px !important;margin-bottom: -20px !important;border-bottom-width: -20px !important;padding-bottom: -20px !important;}&#8221;][vc_column_text][\/vc_column_text][vc_row_inner][vc_column_inner][vc_column_text]Fundaci\u00f3n CIE es responsable del programa social de F1 Gran Premio de M\u00e9xicoTM, evento deportivo posicionado como uno de los mayores atractivos tur\u00edsticos de la Ciudad de M\u00e9xico.[\/vc_column_text][\/vc_column_inner][\/vc_row_inner][vc_row_inner][vc_column_inner][vc_column_text] Hemos logrado la participaci\u00f3n de 4 coros y 1 banda de m\u00fasica que interpretaron el Himno Nacional Mexicano &hellip;<\/p>\n<p class=\"read-more\"> <a class=\"\" href=\"https:\/\/fundacioncie.org.mx\/InformeAnual\/formula-1-gran-premio-de-mexico\/\"> <span class=\"screen-reader-text\">F\u00f3rmula 1 Gran Premio de M\u00e9xico\u2122<\/span> Read More &raquo;<\/a><\/p>\n","protected":false},"author":1,"featured_media":0,"parent":0,"menu_order":0,"comment_status":"closed","ping_status":"closed","template":"","meta":{"site-sidebar-layout":"no-sidebar","site-content-layout":"plain-container","ast-global-header-display":"","ast-main-header-display":"","ast-hfb-above-header-display":"","ast-hfb-below-header-display":"","ast-hfb-mobile-header-display":"","site-post-title":"disabled","ast-breadcrumbs-content":"","ast-featured-img":"disabled","footer-sml-layout":"","theme-transparent-header-meta":"default","adv-header-id-meta":"","stick-header-meta":"","header-above-stick-meta":"","header-main-stick-meta":"","header-below-stick-meta":""},"_links":{"self":[{"href":"https:\/\/fundacioncie.org.mx\/InformeAnual\/wp-json\/wp\/v2\/pages\/1430"}],"collection":[{"href":"https:\/\/fundacioncie.org.mx\/InformeAnual\/wp-json\/wp\/v2\/pages"}],"about":[{"href":"https:\/\/fundacioncie.org.mx\/InformeAnual\/wp-json\/wp\/v2\/types\/page"}],"author":[{"embeddable":true,"href":"https:\/\/fundacioncie.org.mx\/InformeAnual\/wp-json\/wp\/v2\/users\/1"}],"replies":[{"embeddable":true,"href":"https:\/\/fundacioncie.org.mx\/InformeAnual\/wp-json\/wp\/v2\/comments?post=1430"}],"version-history":[{"count":28,"href":"https:\/\/fundacioncie.org.mx\/InformeAnual\/wp-json\/wp\/v2\/pages\/1430\/revisions"}],"predecessor-version":[{"id":1727,"href":"https:\/\/fundacioncie.org.mx\/InformeAnual\/wp-json\/wp\/v2\/pages\/1430\/revisions\/1727"}],"wp:attachment":[{"href":"https:\/\/fundacioncie.org.mx\/InformeAnual\/wp-json\/wp\/v2\/media?parent=1430"}],"curies":[{"name":"wp","href":"https:\/\/api.w.org\/{rel}","templated":true}]}}